{"id":1363,"date":"2015-06-02T15:17:52","date_gmt":"2015-06-02T14:17:52","guid":{"rendered":"http:\/\/airforcebandbe.webhosting.be\/?page_id=1363"},"modified":"2015-06-07T16:49:24","modified_gmt":"2015-06-07T15:49:24","slug":"chefs-de-musique","status":"publish","type":"page","link":"https:\/\/airforceband.be\/fr\/chefs-de-musique\/","title":{"rendered":"CHEFS DE MUSIQUE"},"content":{"rendered":"[spb_accordion width=\u00a0\u00bb1\/1&Prime; el_position=\u00a0\u00bbfirst last\u00a0\u00bb] [spb_accordion_tab title=\u00a0\u00bbHenri MESTREZ (1946-1951)\u00a0\u00bb accordion_id=\u00a0\u00bbhenri-mestrez&#8211;1946-1951-\u00a0\u00bb icon=\u00a0\u00bb\u00a0\u00bb] [spb_image image=\u00a0\u00bb210&Prime; image_size=\u00a0\u00bbfull\u00a0\u00bb image_width=\u00a0\u00bb200&Prime; frame=\u00a0\u00bbborderframe\u00a0\u00bb intro_animation=\u00a0\u00bbnone\u00a0\u00bb animation_delay=\u00a0\u00bb200&Prime; fullwidth=\u00a0\u00bbno\u00a0\u00bb lightbox=\u00a0\u00bbno\u00a0\u00bb link_target=\u00a0\u00bb_self\u00a0\u00bb caption_pos=\u00a0\u00bbhover\u00a0\u00bb width=\u00a0\u00bb1\/4&Prime; el_position=\u00a0\u00bbfirst\u00a0\u00bb] [spb_text_block animation=\u00a0\u00bbnone\u00a0\u00bb animation_delay=\u00a0\u00bb0&Prime; padding_vertical=\u00a0\u00bb0&Prime; padding_horizontal=\u00a0\u00bb0&Prime; width=\u00a0\u00bb3\/4&Prime; el_position=\u00a0\u00bblast\u00a0\u00bb]\n<p>En 1946, lors de la dissolution de la section belge de la RAF, la Force A\u00e9rienne devient un organisme ind\u00e9pendant. Le 22 mai de cette m\u00eame ann\u00e9e, le Lieutenant Henri Mestrez, Chef de la Musique de la 2i\u00e8me Brigade infanterie, se voie confier la t\u00e2che de former un nouvel orchestre.<\/p>\n<p>Avec des musiciens, issus d\u2019autres musiques militaires, se forme la \u00abMusique militaire de Bruxelle\u00bb dont la tenue \u00abkaki\u00bb des membres sera remplac\u00e9e en janvier 1947 par une tenue \u00abAviation\u00bb et dont le nom deviendra officiellement: \u00abMusique de l\u2019Aviation Militaire\u00bb en f\u00e9vrier 1947.Ce n\u2019est probablement qu\u2019en 1949 que l\u2019on pourra retrouver le nom \u00abMusique de la Force A\u00e9rienne Belge\u00bb pour d\u00e9signer l\u2019orchestre.<\/p>\n<p>&nbsp;<\/p>\n[\/spb_text_block] [\/spb_accordion_tab] [\/spb_accordion] [spb_accordion width=\u00a0\u00bb1\/1&Prime; el_position=\u00a0\u00bbfirst last\u00a0\u00bb] [spb_accordion_tab title=\u00a0\u00bbJean REDOUTE (1951-1961)\u00a0\u00bb accordion_id=\u00a0\u00bbjean-redoute&#8212;-1951-1961-\u00a0\u00bb icon=\u00a0\u00bb\u00a0\u00bb] [spb_image image=\u00a0\u00bb224&Prime; image_size=\u00a0\u00bbfull\u00a0\u00bb image_width=\u00a0\u00bb200&Prime; frame=\u00a0\u00bbborderframe\u00a0\u00bb intro_animation=\u00a0\u00bbnone\u00a0\u00bb animation_delay=\u00a0\u00bb200&Prime; fullwidth=\u00a0\u00bbno\u00a0\u00bb lightbox=\u00a0\u00bbno\u00a0\u00bb link_target=\u00a0\u00bb_self\u00a0\u00bb caption_pos=\u00a0\u00bbhover\u00a0\u00bb width=\u00a0\u00bb1\/4&Prime; el_position=\u00a0\u00bbfirst\u00a0\u00bb] [spb_text_block animation=\u00a0\u00bbnone\u00a0\u00bb animation_delay=\u00a0\u00bb0&Prime; padding_vertical=\u00a0\u00bb0&Prime; padding_horizontal=\u00a0\u00bb0&Prime; width=\u00a0\u00bb3\/4&Prime; el_position=\u00a0\u00bblast\u00a0\u00bb]\n<p style=\"text-align: justify;\">Commandant Redout\u00e9 quitte en 1951 sa fonction de Chef de Musique de la \u00ab\u00a0Musique des Forces Int\u00e9rieures\u00a0\u00bb afin de succ\u00e9der Henri Mestrez \u00e0 la \u00ab\u00a0Musique de la Force A\u00e9rienne Belge\u00a0\u00bb. Avec lui, l\u2019orchestre se produit pour la premi\u00e8re fois et \u00e0 de multiples reprises \u00e0 l\u2019\u00e9tranger (Allemagne, Italie, France Pays-Bas et le Grand Duch\u00e9 de Luxembourg).<\/p>\n<p>&nbsp;<\/p>\n[\/spb_text_block] [\/spb_accordion_tab] [\/spb_accordion] [spb_accordion width=\u00a0\u00bb1\/1&Prime; el_position=\u00a0\u00bbfirst last\u00a0\u00bb] [spb_accordion_tab title=\u00a0\u00bbGaston DEVENIJS (1961-1964)\u00a0\u00bb accordion_id=\u00a0\u00bbgaston-devenijs&#8212;-1961-1964-\u00a0\u00bb icon=\u00a0\u00bb\u00a0\u00bb] [spb_image image=\u00a0\u00bb219&Prime; image_size=\u00a0\u00bbfull\u00a0\u00bb image_width=\u00a0\u00bb200&Prime; frame=\u00a0\u00bbborderframe\u00a0\u00bb intro_animation=\u00a0\u00bbnone\u00a0\u00bb animation_delay=\u00a0\u00bb200&Prime; fullwidth=\u00a0\u00bbno\u00a0\u00bb lightbox=\u00a0\u00bbno\u00a0\u00bb link_target=\u00a0\u00bb_self\u00a0\u00bb caption_pos=\u00a0\u00bbhover\u00a0\u00bb width=\u00a0\u00bb1\/4&Prime; el_position=\u00a0\u00bbfirst\u00a0\u00bb] [spb_text_block animation=\u00a0\u00bbnone\u00a0\u00bb animation_delay=\u00a0\u00bb0&Prime; padding_vertical=\u00a0\u00bb0&Prime; padding_horizontal=\u00a0\u00bb0&Prime; width=\u00a0\u00bb3\/4&Prime; el_position=\u00a0\u00bblast\u00a0\u00bb]\n<p style=\"text-align: justify;\">Apr\u00e8s la dissolution de la \u00ab\u00a0Musique GTR\u00a0\u00bb (Garde Territoriale Anti-a\u00e9rienne) en 1960, le capitaine G. Devenijns devient Chef de Musique en Second \u00e0 la \u00ab\u202fMusique de la Force A\u00e9rienne\u202f\u00bb et succ\u00e8de au Cdt Redout\u00e9 en 1961, jusqu\u2019\u00e0 sa retraite.<\/p>\n<p>&nbsp;<\/p>\n[\/spb_text_block] [\/spb_accordion_tab] [\/spb_accordion] [spb_accordion width=\u00a0\u00bb1\/1&Prime; el_position=\u00a0\u00bbfirst last\u00a0\u00bb] [spb_accordion_tab title=\u00a0\u00bbArthur HELDENBERG (1964-1976)\u00a0\u00bb accordion_id=\u00a0\u00bbarthur-heldenberg&#8212;-1964-1976-\u00a0\u00bb icon=\u00a0\u00bb\u00a0\u00bb] [spb_image image=\u00a0\u00bb226&Prime; image_size=\u00a0\u00bbfull\u00a0\u00bb image_width=\u00a0\u00bb200&Prime; frame=\u00a0\u00bbborderframe\u00a0\u00bb intro_animation=\u00a0\u00bbnone\u00a0\u00bb animation_delay=\u00a0\u00bb200&Prime; fullwidth=\u00a0\u00bbno\u00a0\u00bb lightbox=\u00a0\u00bbno\u00a0\u00bb link_target=\u00a0\u00bb_self\u00a0\u00bb caption_pos=\u00a0\u00bbhover\u00a0\u00bb width=\u00a0\u00bb1\/4&Prime; el_position=\u00a0\u00bbfirst\u00a0\u00bb] [spb_text_block animation=\u00a0\u00bbnone\u00a0\u00bb animation_delay=\u00a0\u00bb0&Prime; padding_vertical=\u00a0\u00bb0&Prime; padding_horizontal=\u00a0\u00bb0&Prime; width=\u00a0\u00bb3\/4&Prime; el_position=\u00a0\u00bblast\u00a0\u00bb]\n<p style=\"text-align: justify;\">Chef de la \u00ab\u202fMusique du 1er Corps\u202f\u00bb (stationn\u00e9 en Allemagne) depuis 1960, lieutenant Arthur Heldenberg devient Chef de la \u00ab\u202fMusique de la Force A\u00e9rienne\u202f\u00bb au 1er juillet 1964. Les enregistrements de disques (45T et 33T) et de concerts pour la radio prennent de l\u2019ampleur sous sa baguette. Il est le premier chef qui ose confectionner des programmes musicaux avec aussi bien de la musique classique que de la musique moderne et\/ou de vari\u00e9t\u00e9. Au d\u00e9but, cela ne plaisait pas \u00e0 tout le monde.<\/p>\n<p>&nbsp;<\/p>\n[\/spb_text_block] [\/spb_accordion_tab] [\/spb_accordion] [spb_accordion width=\u00a0\u00bb1\/1&Prime; el_position=\u00a0\u00bbfirst last\u00a0\u00bb] [spb_accordion_tab title=\u00a0\u00bbRoger VERSPEETEN (1976-1977) (1981-1984)\u00a0\u00bb accordion_id=\u00a0\u00bbroger-verspeeten&#8212;-1976-1977&#8212;&#8211;1981-1984-\u00a0\u00bb icon=\u00a0\u00bb\u00a0\u00bb] [spb_image image=\u00a0\u00bb222&Prime; image_size=\u00a0\u00bbfull\u00a0\u00bb image_width=\u00a0\u00bb200&Prime; frame=\u00a0\u00bbborderframe\u00a0\u00bb intro_animation=\u00a0\u00bbnone\u00a0\u00bb animation_delay=\u00a0\u00bb200&Prime; fullwidth=\u00a0\u00bbno\u00a0\u00bb lightbox=\u00a0\u00bbno\u00a0\u00bb link_target=\u00a0\u00bb_self\u00a0\u00bb caption_pos=\u00a0\u00bbhover\u00a0\u00bb width=\u00a0\u00bb1\/4&Prime; el_position=\u00a0\u00bbfirst\u00a0\u00bb] [spb_text_block animation=\u00a0\u00bbnone\u00a0\u00bb animation_delay=\u00a0\u00bb0&Prime; padding_vertical=\u00a0\u00bb0&Prime; padding_horizontal=\u00a0\u00bb0&Prime; width=\u00a0\u00bb3\/4&Prime; el_position=\u00a0\u00bblast\u00a0\u00bb]\n<p style=\"text-align: justify;\">Le Sous-chef de Musique Principal, l\u2019Adjudant-chef Roger Verspeeten, assure la direction de l\u2019orchestre pendant deux p\u00e9riodes en attendant la d\u00e9signation d\u2019un nouveau\u202fOfficier Chef de Musique\u202f: Durant une petite ann\u00e9e, avant la d\u00e9signation du Chef de Musique A. Vergauwen et pendant un peu plus de trois ans , avant l\u2019arriv\u00e9 du Chef de Musique A. Crepin<\/p>\n<p>&nbsp;<\/p>\n[\/spb_text_block] [\/spb_accordion_tab] [\/spb_accordion] [spb_accordion width=\u00a0\u00bb1\/1&Prime; el_position=\u00a0\u00bbfirst last\u00a0\u00bb] [spb_accordion_tab title=\u00a0\u00bbAndr\u00e9 VERGAUWEN (1977-1981)\u00a0\u00bb accordion_id=\u00a0\u00bbandr&#8211;vergauwen&#8212;-1977-1981-\u00a0\u00bb icon=\u00a0\u00bb\u00a0\u00bb] [spb_image image=\u00a0\u00bb223&Prime; image_size=\u00a0\u00bbfull\u00a0\u00bb image_width=\u00a0\u00bb200&Prime; frame=\u00a0\u00bbborderframe\u00a0\u00bb intro_animation=\u00a0\u00bbnone\u00a0\u00bb animation_delay=\u00a0\u00bb200&Prime; fullwidth=\u00a0\u00bbno\u00a0\u00bb lightbox=\u00a0\u00bbno\u00a0\u00bb link_target=\u00a0\u00bb_self\u00a0\u00bb caption_pos=\u00a0\u00bbhover\u00a0\u00bb width=\u00a0\u00bb1\/4&Prime; el_position=\u00a0\u00bbfirst\u00a0\u00bb] [spb_text_block animation=\u00a0\u00bbnone\u00a0\u00bb animation_delay=\u00a0\u00bb0&Prime; padding_vertical=\u00a0\u00bb0&Prime; padding_horizontal=\u00a0\u00bb0&Prime; width=\u00a0\u00bb3\/4&Prime; el_position=\u00a0\u00bblast\u00a0\u00bb]\n<p>Capitaine Chef de Musique de la \u00ab\u202fMusique du 1er Corps\u202f\u00bb \u00e0 Ossendorf, Andr\u00e9 Vergauwen rejoint la \u00ab\u00a0Musique de la Force A\u00e9rienne\u00a0\u00bb le 1er f\u00e9vrier 1977 et y reste jusqu\u2019\u00e0 sa retraite.<\/p>\n[\/spb_text_block] [\/spb_accordion_tab] [\/spb_accordion] [spb_accordion width=\u00a0\u00bb1\/1&Prime; el_position=\u00a0\u00bbfirst last\u00a0\u00bb] [spb_accordion_tab title=\u00a0\u00bbAlain CREPIN (1981-2005)\u00a0\u00bb accordion_id=\u00a0\u00bbalain-crepin&#8212;-1981-2005-\u00a0\u00bb icon=\u00a0\u00bb\u00a0\u00bb] [spb_image image=\u00a0\u00bb220&Prime; image_size=\u00a0\u00bbfull\u00a0\u00bb image_width=\u00a0\u00bb200&Prime; frame=\u00a0\u00bbborderframe\u00a0\u00bb intro_animation=\u00a0\u00bbnone\u00a0\u00bb animation_delay=\u00a0\u00bb200&Prime; fullwidth=\u00a0\u00bbno\u00a0\u00bb lightbox=\u00a0\u00bbno\u00a0\u00bb link_target=\u00a0\u00bb_self\u00a0\u00bb caption_pos=\u00a0\u00bbhover\u00a0\u00bb width=\u00a0\u00bb1\/4&Prime; el_position=\u00a0\u00bbfirst\u00a0\u00bb] [spb_text_block animation=\u00a0\u00bbnone\u00a0\u00bb animation_delay=\u00a0\u00bb0&Prime; padding_vertical=\u00a0\u00bb0&Prime; padding_horizontal=\u00a0\u00bb0&Prime; width=\u00a0\u00bb3\/4&Prime; el_position=\u00a0\u00bblast\u00a0\u00bb]\n<p style=\"text-align: justify;\">Apr\u00e8s avoir assum\u00e9 pendant 11 mois la direction de la \u00ab\u00a0Musique de l\u2019Int\u00e9rieur\u00a0\u00bb \u00e0 Arlon, le Lieutenant Chef de Musique Alain Crepin se voie confier la direction de la \u00ab\u202fMusique de la Force A\u00e9rienne\u202f\u00bb<br \/>\nle 1er d\u00e9cembre 1984. Il quitte l\u2019orchestre apr\u00e8s avoir \u00e9t\u00e9 d\u00e9sign\u00e9 le 1er septembre 2005 au poste de Directeur Artistique et Musical des Musiques Royales de la D\u00e9fense au grade de Major Chef de Musique.<\/p>\n<p>&nbsp;<\/p>\n[\/spb_text_block] [\/spb_accordion_tab] [\/spb_accordion] [spb_accordion width=\u00a0\u00bb1\/1&Prime; el_position=\u00a0\u00bbfirst last\u00a0\u00bb] [spb_accordion_tab title=\u00a0\u00bbEddy GEERAERTS (1994-1996)\u00a0\u00bb accordion_id=\u00a0\u00bbeddy-geeraerts&#8211;1994-1996-\u00a0\u00bb icon=\u00a0\u00bb\u00a0\u00bb] [spb_image image=\u00a0\u00bb227&Prime; image_size=\u00a0\u00bbfull\u00a0\u00bb image_width=\u00a0\u00bb200&Prime; frame=\u00a0\u00bbborderframe\u00a0\u00bb intro_animation=\u00a0\u00bbnone\u00a0\u00bb animation_delay=\u00a0\u00bb200&Prime; fullwidth=\u00a0\u00bbno\u00a0\u00bb lightbox=\u00a0\u00bbno\u00a0\u00bb link_target=\u00a0\u00bb_self\u00a0\u00bb caption_pos=\u00a0\u00bbhover\u00a0\u00bb width=\u00a0\u00bb1\/4&Prime; el_position=\u00a0\u00bbfirst\u00a0\u00bb] [spb_text_block animation=\u00a0\u00bbnone\u00a0\u00bb animation_delay=\u00a0\u00bb0&Prime; padding_vertical=\u00a0\u00bb0&Prime; padding_horizontal=\u00a0\u00bb0&Prime; width=\u00a0\u00bb3\/4&Prime; el_position=\u00a0\u00bblast\u00a0\u00bb]\n<p style=\"text-align: justify;\">Suite \u00e0 la suppression de la \u00ab\u202fMusique de la Gendarmerie\u202f\u00bb en d\u00e9cembre 1994, le Capitaine-Chef de Musique Eddy Geeraerts devient Chef de Musique en Second au sein de la \u00ab\u202fMusique de la Force A\u00e9rienne\u202f\u00bb. Deux ans plus tard, il quitte l\u2018orchestre pour rejoindre le Service Protocole de la D\u00e9fense.<\/p>\n<p>&nbsp;<\/p>\n[\/spb_text_block] [\/spb_accordion_tab] [\/spb_accordion] [spb_accordion width=\u00a0\u00bb1\/1&Prime; el_position=\u00a0\u00bbfirst last\u00a0\u00bb] [spb_accordion_tab title=\u00a0\u00bbJean-Luc BERTEL (2005-2006)\u00a0\u00bb accordion_id=\u00a0\u00bbjean-luc-bertel&#8212;-2005-2006-\u00a0\u00bb icon=\u00a0\u00bb\u00a0\u00bb] [spb_image image=\u00a0\u00bb221&Prime; image_size=\u00a0\u00bbfull\u00a0\u00bb image_width=\u00a0\u00bb200&Prime; frame=\u00a0\u00bbborderframe\u00a0\u00bb intro_animation=\u00a0\u00bbnone\u00a0\u00bb animation_delay=\u00a0\u00bb200&Prime; fullwidth=\u00a0\u00bbno\u00a0\u00bb lightbox=\u00a0\u00bbno\u00a0\u00bb link_target=\u00a0\u00bb_self\u00a0\u00bb caption_pos=\u00a0\u00bbhover\u00a0\u00bb width=\u00a0\u00bb1\/4&Prime; el_position=\u00a0\u00bbfirst\u00a0\u00bb] [spb_text_block animation=\u00a0\u00bbnone\u00a0\u00bb animation_delay=\u00a0\u00bb0&Prime; padding_vertical=\u00a0\u00bb0&Prime; padding_horizontal=\u00a0\u00bb0&Prime; width=\u00a0\u00bb3\/4&Prime; el_position=\u00a0\u00bblast\u00a0\u00bb]\n<p>Le Commandant Chef de Musique Jean-Luc Bertel, Chef de Musique Adjoint \u00e0 la \u00ab\u202fMusique Royale de la Marine\u202f\u00bb depuis 2002, dirige la \u00ab\u202fMusique Royale de la Force A\u00e9rienne\u202f\u00bb \u00e0 partir de juillet 2005 jusqu\u2019\u00e0 sa retraite fin 2006.<\/p>\n[\/spb_text_block] [\/spb_accordion_tab] [\/spb_accordion] [spb_accordion width=\u00a0\u00bb1\/1&Prime; el_position=\u00a0\u00bbfirst last\u00a0\u00bb] [spb_accordion_tab title=\u00a0\u00bbMaurice DUBOIS (2006-2007)\u00a0\u00bb accordion_id=\u00a0\u00bbmaurice-dubois&#8212;-2006-2007-\u00a0\u00bb icon=\u00a0\u00bb\u00a0\u00bb] [spb_image image=\u00a0\u00bb218&Prime; image_size=\u00a0\u00bbfull\u00a0\u00bb image_width=\u00a0\u00bb200&Prime; frame=\u00a0\u00bbborderframe\u00a0\u00bb intro_animation=\u00a0\u00bbnone\u00a0\u00bb animation_delay=\u00a0\u00bb200&Prime; fullwidth=\u00a0\u00bbno\u00a0\u00bb lightbox=\u00a0\u00bbno\u00a0\u00bb link_target=\u00a0\u00bb_self\u00a0\u00bb caption_pos=\u00a0\u00bbhover\u00a0\u00bb width=\u00a0\u00bb1\/4&Prime; el_position=\u00a0\u00bbfirst\u00a0\u00bb] [spb_text_block animation=\u00a0\u00bbnone\u00a0\u00bb animation_delay=\u00a0\u00bb0&Prime; padding_vertical=\u00a0\u00bb0&Prime; padding_horizontal=\u00a0\u00bb0&Prime; width=\u00a0\u00bb3\/4&Prime; el_position=\u00a0\u00bblast\u00a0\u00bb]\n<p align=\"justify\">Sous-Chef de Musique Principal depuis 1989 \u00e0 la \u00ab\u00a0Musique de la Force A\u00e9rienne\u00a0\u00bb, l\u2019Adjudant-major Maurice Dubois succ\u00e8de au Commandant Chef de Musique J.L.Bertel depuis fin 2006. Appel\u00e9 parfois \u00ab\u202f le Sousa\u202f\u00bb de la Force A\u00e9rienne\u202f\u00bb (en allusion au c\u00e9l\u00e8bre compositeur de marches am\u00e9ricaines), il quittera n\u00e9anmoins l\u2019orchestre fin 2007 et terminera sa carri\u00e8re de Sous-Chef de Musique Principal en tant que Chef de Musique.<\/p>\n<p>&nbsp;<\/p>\n[\/spb_text_block] [\/spb_accordion_tab] [\/spb_accordion] [spb_accordion width=\u00a0\u00bb1\/1&Prime; el_position=\u00a0\u00bbfirst last\u00a0\u00bb] [spb_accordion_tab title=\u00a0\u00bbGuido DE RANTER (2008-2009)\u00a0\u00bb accordion_id=\u00a0\u00bbguido-de-ranter&#8212;2008-2009-\u00a0\u00bb icon=\u00a0\u00bb\u00a0\u00bb] [spb_image image=\u00a0\u00bb217&Prime; image_size=\u00a0\u00bbfull\u00a0\u00bb image_width=\u00a0\u00bb200&Prime; frame=\u00a0\u00bbborderframe\u00a0\u00bb intro_animation=\u00a0\u00bbnone\u00a0\u00bb animation_delay=\u00a0\u00bb200&Prime; fullwidth=\u00a0\u00bbno\u00a0\u00bb lightbox=\u00a0\u00bbno\u00a0\u00bb link_target=\u00a0\u00bb_self\u00a0\u00bb caption_pos=\u00a0\u00bbhover\u00a0\u00bb width=\u00a0\u00bb1\/4&Prime; el_position=\u00a0\u00bbfirst\u00a0\u00bb] [spb_text_block animation=\u00a0\u00bbnone\u00a0\u00bb animation_delay=\u00a0\u00bb0&Prime; padding_vertical=\u00a0\u00bb0&Prime; padding_horizontal=\u00a0\u00bb0&Prime; width=\u00a0\u00bb3\/4&Prime; el_position=\u00a0\u00bblast\u00a0\u00bb][\/spb_text_block] [\/spb_accordion_tab] [\/spb_accordion]\n","protected":false},"excerpt":{"rendered":"<p>[spb_accordion width=\u00a0\u00bb1\/1&Prime; el_position=\u00a0\u00bbfirst last\u00a0\u00bb] [spb_accordion_tab title=\u00a0\u00bbHenri MESTREZ (1946-1951)\u00a0\u00bb accordion_id=\u00a0\u00bbhenri-mestrez&#8211;1946-1951-\u00a0\u00bb icon=\u00a0\u00bb\u00a0\u00bb] [spb_image image=\u00a0\u00bb210&Prime; image_size=\u00a0\u00bbfull\u00a0\u00bb image_width=\u00a0\u00bb200&Prime; frame=\u00a0\u00bbborderframe\u00a0\u00bb intro_animation=\u00a0\u00bbnone\u00a0\u00bb animation_delay=\u00a0\u00bb200&Prime; fullwidth=\u00a0\u00bbno\u00a0\u00bb lightbox=\u00a0\u00bbno\u00a0\u00bb link_target=\u00a0\u00bb_self\u00a0\u00bb caption_pos=\u00a0\u00bbhover\u00a0\u00bb width=\u00a0\u00bb1\/4&Prime; el_position=\u00a0\u00bbfirst\u00a0\u00bb] [spb_text_block animation=\u00a0\u00bbnone\u00a0\u00bb animation_delay=\u00a0\u00bb0&Prime; padding_vertical=\u00a0\u00bb0&Prime; padding_horizontal=\u00a0\u00bb0&Prime; width=\u00a0\u00bb3\/4&Prime; el_position=\u00a0\u00bblast\u00a0\u00bb] En 1946, lors de la dissolution de la section belge de la RAF, la Force A\u00e9rienne devient un organisme ind\u00e9pendant. Le 22 mai de cette m\u00eame ann\u00e9e, le Lieutenant Henri [&hellip;]<\/p>\n","protected":false},"author":3,"featured_media":0,"parent":0,"menu_order":0,"comment_status":"closed","ping_status":"closed","template":"","meta":{"_price":"","_stock":"","_tribe_ticket_header":"","_tribe_default_ticket_provider":"","_tribe_ticket_capacity":"0","_ticket_start_date":"","_ticket_end_date":"","_tribe_ticket_show_description":"","_tribe_ticket_show_not_going":false,"_tribe_ticket_use_global_stock":"","_tribe_ticket_global_stock_level":"","_global_stock_mode":"","_global_stock_cap":"","_tribe_rsvp_for_event":"","_tribe_ticket_going_count":"","_tribe_ticket_not_going_count":"","_tribe_tickets_list":"[]","_tribe_ticket_has_attendee_info_fields":false,"footnotes":"","_tec_slr_enabled":"","_tec_slr_layout":""},"class_list":["post-1363","page","type-page","status-publish","hentry"],"ticketed":false,"_links":{"self":[{"href":"https:\/\/airforceband.be\/fr\/wp-json\/wp\/v2\/pages\/1363\/"}],"collection":[{"href":"https:\/\/airforceband.be\/fr\/wp-json\/wp\/v2\/pages\/"}],"about":[{"href":"https:\/\/airforceband.be\/fr\/wp-json\/wp\/v2\/types\/page\/"}],"author":[{"embeddable":true,"href":"https:\/\/airforceband.be\/fr\/wp-json\/wp\/v2\/users\/3\/"}],"replies":[{"embeddable":true,"href":"https:\/\/airforceband.be\/fr\/wp-json\/wp\/v2\/comments\/?post=1363"}],"version-history":[{"count":3,"href":"https:\/\/airforceband.be\/fr\/wp-json\/wp\/v2\/pages\/1363\/revisions\/"}],"predecessor-version":[{"id":1437,"href":"https:\/\/airforceband.be\/fr\/wp-json\/wp\/v2\/pages\/1363\/revisions\/1437\/"}],"wp:attachment":[{"href":"https:\/\/airforceband.be\/fr\/wp-json\/wp\/v2\/media\/?parent=1363"}],"curies":[{"name":"wp","href":"https:\/\/api.w.org\/{rel}","templated":true}]}}